{"id":502,"date":"2025-05-16T11:25:52","date_gmt":"2025-05-16T11:25:52","guid":{"rendered":"https:\/\/obrasocialesperanzadetriana.es\/?page_id=502"},"modified":"2025-05-22T08:55:15","modified_gmt":"2025-05-22T08:55:15","slug":"politica-de-privacidad","status":"publish","type":"page","link":"https:\/\/obrasocialesperanzadetriana.es\/?page_id=502","title":{"rendered":"Pol\u00edtica de Privacidad"},"content":{"rendered":"\t\t<div data-elementor-type=\"wp-page\" data-elementor-id=\"502\" class=\"elementor elementor-502\" data-elementor-post-type=\"page\">\n\t\t\t\t<div class=\"elementor-element elementor-element-7cd951e e-con-full e-flex e-con e-parent\" data-id=\"7cd951e\" data-element_type=\"container\" data-e-type=\"container\">\n\t\t\t\t<div class=\"elementor-element elementor-element-4ea1803 elementor-widget-divider--view-line_text elementor-widget-divider--element-align-center elementor-widget elementor-widget-divider\" data-id=\"4ea1803\" data-element_type=\"widget\" data-e-type=\"widget\" data-widget_type=\"divider.default\">\n\t\t\t\t<div class=\"elementor-widget-container\">\n\t\t\t\t\t\t\t<div class=\"elementor-divider\">\n\t\t\t<span class=\"elementor-divider-separator\">\n\t\t\t\t\t\t\t<span class=\"elementor-divider__text elementor-divider__element\">\n\t\t\t\tPol\u00edtica de Privacidad\t\t\t\t<\/span>\n\t\t\t\t\t\t<\/span>\n\t\t<\/div>\n\t\t\t\t\t\t<\/div>\n\t\t\t\t<\/div>\n\t\t\t\t<\/div>\n\t\t<div class=\"elementor-element elementor-element-d87135d e-flex e-con-boxed e-con e-parent\" data-id=\"d87135d\" data-element_type=\"container\" data-e-type=\"container\">\n\t\t\t\t\t<div class=\"e-con-inner\">\n\t\t\t\t<div class=\"elementor-element elementor-element-9f8b176 elementor-widget elementor-widget-text-editor\" data-id=\"9f8b176\" data-element_type=\"widget\" data-e-type=\"widget\" data-widget_type=\"text-editor.default\">\n\t\t\t\t<div class=\"elementor-widget-container\">\n\t\t\t\t\t\t\t\t\t<p class=\"\" data-start=\"248\" data-end=\"486\"><strong data-start=\"248\" data-end=\"291\">1. Responsable del tratamiento de datos<\/strong><br data-start=\"291\" data-end=\"294\" \/>Centro de Apoyo Infantil Esperanza de Triana<br data-start=\"342\" data-end=\"345\" \/>Correo electr\u00f3nico de contacto: <a class=\"cursor-pointer\" rel=\"noopener\" data-start=\"377\" data-end=\"407\">caiesperanzadetriana@gmail.com<\/a><br data-start=\"407\" data-end=\"410\" \/>Tel\u00e9fono: 954 34 06 20<br data-start=\"432\" data-end=\"435\" \/>Direcci\u00f3n: C. Pag\u00e9s del Corro, 128, 41010 Sevilla<\/p><p class=\"\" data-start=\"488\" data-end=\"677\"><strong data-start=\"488\" data-end=\"520\">2. Finalidad del tratamiento<\/strong><br data-start=\"520\" data-end=\"523\" \/>Los datos personales que nos facilites a trav\u00e9s de esta web, correo electr\u00f3nico o formularios de contacto ser\u00e1n utilizados con las siguientes finalidades:<\/p><ul data-start=\"679\" data-end=\"923\"><li class=\"\" data-start=\"679\" data-end=\"731\"><p class=\"\" data-start=\"681\" data-end=\"731\">Atender consultas, solicitudes o comunicaciones.<\/p><\/li><li class=\"\" data-start=\"732\" data-end=\"819\"><p class=\"\" data-start=\"734\" data-end=\"819\">Enviar informaci\u00f3n relacionada con las actividades, servicios o eventos del centro.<\/p><\/li><li class=\"\" data-start=\"820\" data-end=\"923\"><p class=\"\" data-start=\"822\" data-end=\"923\">Gestionar la organizaci\u00f3n interna y el contacto con familias, colaboradores o personas interesadas.<\/p><\/li><\/ul><p class=\"\" data-start=\"925\" data-end=\"1026\">No se tomar\u00e1n decisiones automatizadas con tus datos ni se elaborar\u00e1n perfiles sin tu consentimiento.<\/p><p class=\"\" data-start=\"1028\" data-end=\"1120\"><strong data-start=\"1028\" data-end=\"1067\">3. Legitimaci\u00f3n para el tratamiento<\/strong><br data-start=\"1067\" data-end=\"1070\" \/>La base legal para el tratamiento de tus datos es:<\/p><ul data-start=\"1122\" data-end=\"1356\"><li class=\"\" data-start=\"1122\" data-end=\"1196\"><p class=\"\" data-start=\"1124\" data-end=\"1196\">Tu consentimiento, al enviarnos un formulario o escribirnos un correo.<\/p><\/li><li class=\"\" data-start=\"1197\" data-end=\"1262\"><p class=\"\" data-start=\"1199\" data-end=\"1262\">El cumplimiento de obligaciones legales aplicables al centro.<\/p><\/li><li class=\"\" data-start=\"1263\" data-end=\"1356\"><p class=\"\" data-start=\"1265\" data-end=\"1356\">El inter\u00e9s leg\u00edtimo en mantener una relaci\u00f3n con familias, usuarios o visitantes de la web.<\/p><\/li><\/ul><p class=\"\" data-start=\"1358\" data-end=\"1617\"><strong data-start=\"1358\" data-end=\"1390\">4. Conservaci\u00f3n de los datos<\/strong><br data-start=\"1390\" data-end=\"1393\" \/>Tus datos ser\u00e1n conservados durante el tiempo necesario para cumplir con la finalidad para la que se recabaron y, posteriormente, durante los plazos legalmente exigidos (por ejemplo, obligaciones fiscales o administrativas).<\/p><p class=\"\" data-start=\"1619\" data-end=\"1880\"><strong data-start=\"1619\" data-end=\"1652\">5. Destinatarios de los datos<\/strong><br data-start=\"1652\" data-end=\"1655\" \/>Tus datos no se ceder\u00e1n a terceros salvo obligaci\u00f3n legal o cuando sea estrictamente necesario para la actividad del centro (por ejemplo, proveedores de servicios educativos o plataformas tecnol\u00f3gicas con las que trabajemos).<\/p><p class=\"\" data-start=\"1882\" data-end=\"1937\">No se realizan transferencias internacionales de datos.<\/p><p class=\"\" data-start=\"1939\" data-end=\"2028\"><strong data-start=\"1939\" data-end=\"1970\">6. Derechos de los usuarios<\/strong><br data-start=\"1970\" data-end=\"1973\" \/>Puedes ejercer los siguientes derechos sobre tus datos:<\/p><ul data-start=\"2030\" data-end=\"2273\"><li class=\"\" data-start=\"2030\" data-end=\"2065\"><p class=\"\" data-start=\"2032\" data-end=\"2065\">Acceder a tus datos personales.<\/p><\/li><li class=\"\" data-start=\"2066\" data-end=\"2101\"><p class=\"\" data-start=\"2068\" data-end=\"2101\">Rectificarlos si son inexactos.<\/p><\/li><li class=\"\" data-start=\"2102\" data-end=\"2158\"><p class=\"\" data-start=\"2104\" data-end=\"2158\">Solicitar su supresi\u00f3n cuando ya no sean necesarios.<\/p><\/li><li class=\"\" data-start=\"2159\" data-end=\"2189\"><p class=\"\" data-start=\"2161\" data-end=\"2189\">Oponerte a su tratamiento.<\/p><\/li><li class=\"\" data-start=\"2190\" data-end=\"2234\"><p class=\"\" data-start=\"2192\" data-end=\"2234\">Solicitar la limitaci\u00f3n del tratamiento.<\/p><\/li><li class=\"\" data-start=\"2235\" data-end=\"2273\"><p class=\"\" data-start=\"2237\" data-end=\"2273\">Portar tus datos a otro responsable.<\/p><\/li><\/ul><p class=\"\" data-start=\"2275\" data-end=\"2470\">Para ello, puedes enviar una solicitud por escrito a: <strong data-start=\"2329\" data-end=\"2363\"><a class=\"cursor-pointer\" rel=\"noopener\" data-start=\"2331\" data-end=\"2361\">caiesperanzadetriana@gmail.com<\/a><\/strong>, indicando el derecho que deseas ejercer y adjuntando una copia de tu DNI u otro documento identificativo.<\/p><p class=\"\" data-start=\"2472\" data-end=\"2684\">Tambi\u00e9n puedes presentar una reclamaci\u00f3n ante la <strong data-start=\"2521\" data-end=\"2564\">Agencia Espa\u00f1ola de Protecci\u00f3n de Datos<\/strong> (<a class=\"\" href=\"https:\/\/www.aepd.es\" target=\"_new\" rel=\"noopener\" data-start=\"2566\" data-end=\"2600\">www.aepd.es<\/a>) si consideras que el tratamiento de tus datos no se ajusta a la normativa vigente.<\/p><p class=\"\" data-start=\"2686\" data-end=\"2908\"><strong data-start=\"2686\" data-end=\"2715\">7. Seguridad de los datos<\/strong><br data-start=\"2715\" data-end=\"2718\" \/>El Centro se compromete a aplicar las medidas t\u00e9cnicas y organizativas necesarias para garantizar la seguridad de los datos personales y evitar su p\u00e9rdida, alteraci\u00f3n o acceso no autorizado.<\/p><p class=\"\" data-start=\"2910\" data-end=\"3115\"><strong data-start=\"2910\" data-end=\"2941\">8. Cambios en esta pol\u00edtica<\/strong><br data-start=\"2941\" data-end=\"2944\" \/>El Centro podr\u00e1 modificar esta Pol\u00edtica de Privacidad para adaptarla a novedades legislativas o cambios en su actividad. Se recomienda revisar peri\u00f3dicamente esta secci\u00f3n.<\/p>\t\t\t\t\t\t\t\t<\/div>\n\t\t\t\t<\/div>\n\t\t\t\t\t<\/div>\n\t\t\t\t<\/div>\n\t\t\t\t<\/div>\n\t\t","protected":false},"excerpt":{"rendered":"<p>Pol\u00edtica de Privacidad 1. Responsable del tratamiento de datosCentro de Apoyo Infantil Esperanza de TrianaCorreo electr\u00f3nico de contacto: caiesperanzadetriana@gmail.comTel\u00e9fono: 954 [&hellip;]<\/p>\n","protected":false},"author":1,"featured_media":0,"parent":0,"menu_order":0,"comment_status":"closed","ping_status":"closed","template":"","meta":{"site-sidebar-layout":"no-sidebar","site-content-layout":"","ast-site-content-layout":"full-width-container","site-content-style":"default","site-sidebar-style":"default","ast-global-header-display":"","ast-banner-title-visibility":"","ast-main-header-display":"","ast-hfb-above-header-display":"","ast-hfb-below-header-display":"","ast-hfb-mobile-header-display":"","site-post-title":"disabled","ast-breadcrumbs-content":"","ast-featured-img":"disabled","footer-sml-layout":"","ast-disable-related-posts":"","theme-transparent-header-meta":"default","adv-header-id-meta":"","stick-header-meta":"","header-above-stick-meta":"","header-main-stick-meta":"","header-below-stick-meta":"","astra-migrate-meta-layouts":"set","ast-page-background-enabled":"default","ast-page-background-meta":{"desktop":{"background-color":"var(--ast-global-color-5)","background-image":"","background-repeat":"repeat","background-position":"center center","background-size":"auto","background-attachment":"scroll","background-type":"","background-media":"","overlay-type":"","overlay-color":"","overlay-opacity":"","overlay-gradient":""},"tablet":{"background-color":"","background-image":"","background-repeat":"repeat","background-position":"center center","background-size":"auto","background-attachment":"scroll","background-type":"","background-media":"","overlay-type":"","overlay-color":"","overlay-opacity":"","overlay-gradient":""},"mobile":{"background-color":"","background-image":"","background-repeat":"repeat","background-position":"center center","background-size":"auto","background-attachment":"scroll","background-type":"","background-media":"","overlay-type":"","overlay-color":"","overlay-opacity":"","overlay-gradient":""}},"ast-content-background-meta":{"desktop":{"background-color":"var(--ast-global-color-4)","background-image":"","background-repeat":"repeat","background-position":"center center","background-size":"auto","background-attachment":"scroll","background-type":"","background-media":"","overlay-type":"","overlay-color":"","overlay-opacity":"","overlay-gradient":""},"tablet":{"background-color":"var(--ast-global-color-4)","background-image":"","background-repeat":"repeat","background-position":"center center","background-size":"auto","background-attachment":"scroll","background-type":"","background-media":"","overlay-type":"","overlay-color":"","overlay-opacity":"","overlay-gradient":""},"mobile":{"background-color":"var(--ast-global-color-4)","background-image":"","background-repeat":"repeat","background-position":"center center","background-size":"auto","background-attachment":"scroll","background-type":"","background-media":"","overlay-type":"","overlay-color":"","overlay-opacity":"","overlay-gradient":""}},"footnotes":""},"class_list":["post-502","page","type-page","status-publish","hentry"],"_links":{"self":[{"href":"https:\/\/obrasocialesperanzadetriana.es\/index.php?rest_route=\/wp\/v2\/pages\/502","targetHints":{"allow":["GET"]}}],"collection":[{"href":"https:\/\/obrasocialesperanzadetriana.es\/index.php?rest_route=\/wp\/v2\/pages"}],"about":[{"href":"https:\/\/obrasocialesperanzadetriana.es\/index.php?rest_route=\/wp\/v2\/types\/page"}],"author":[{"embeddable":true,"href":"https:\/\/obrasocialesperanzadetriana.es\/index.php?rest_route=\/wp\/v2\/users\/1"}],"replies":[{"embeddable":true,"href":"https:\/\/obrasocialesperanzadetriana.es\/index.php?rest_route=%2Fwp%2Fv2%2Fcomments&post=502"}],"version-history":[{"count":10,"href":"https:\/\/obrasocialesperanzadetriana.es\/index.php?rest_route=\/wp\/v2\/pages\/502\/revisions"}],"predecessor-version":[{"id":760,"href":"https:\/\/obrasocialesperanzadetriana.es\/index.php?rest_route=\/wp\/v2\/pages\/502\/revisions\/760"}],"wp:attachment":[{"href":"https:\/\/obrasocialesperanzadetriana.es\/index.php?rest_route=%2Fwp%2Fv2%2Fmedia&parent=502"}],"curies":[{"name":"wp","href":"https:\/\/api.w.org\/{rel}","templated":true}]}}